{"type":"video","version":"1.0","provider_name":"Network.hu","provider_url":"http:\/\/network.hu\/","title":"Mikor mentem Szov\u00e1t\u00e1ra","author_name":"kiralywisky","author_url":"http:\/\/network.hu\/kiralywisky","html":"&lt;object width=&quot;424&quot; height=&quot;345&quot;&gt;&lt;param name=&quot;movie&quot; value=&quot;http:\/\/sopron.network.hu\/flash\/videoplayer\/video.swf?videoid=224348&amp;amp;pvol=40&amp;amp;plang=hu&amp;amp;host=http:\/\/sopron.network.hu&quot; \/&gt;&lt;param name=&quot;allowscriptaccess&quot; value=&quot;always&quot; \/&gt;&lt;param name=&quot;allowfullscreen&quot; value=&quot;true&quot; \/&gt;&lt;embed src=&quot;http:\/\/sopron.network.hu\/flash\/videoplayer\/video.swf?videoid=224348&amp;amp;pvol=40&amp;amp;plang=hu&amp;amp;host=http:\/\/sopron.network.hu&quot; width=&quot;424&quot; height=&quot;345&quot; allowscriptaccess=&quot;always&quot; allowfullscreen=&quot;true&quot; \/&gt;&lt;\/object&gt;","width":424,"height":345,"description":"Szov\u00e1ta (rom\u00e1nul Sovata, n\u00e9met\u00fcl Sowata) v\u00e1ros Rom\u00e1ni\u00e1ban, Maros megy\u00e9ben. A Sz\u00e9kely-S\u00f3vid\u00e9k k\u00f6zpontja, eur\u00f3pai h\u00edr\u0171 \u00fcd\u00fcl\u0151v\u00e1ros.\r\nMarosv\u00e1s\u00e1rhelyt\u0151l 60 km-re keletre, a Mez\u0151havas d\u00e9lnyugati el\u0151ter\u00e9ben, a Szov\u00e1tai-medenc\u00e9ben fekszik. A Kis-K\u00fck\u00fcll\u0151be siet\u0151 Juhod, Sebes, Szov\u00e1ta \u00e9s Szakad\u00e1t patakok hordal\u00e9kk\u00fapjaira \u00e9p\u00fclt. 1955 \u00f3ta v\u00e1ros.\r\nT\u00f6rt\u00e9nete\r\nA telep\u00fcl\u00e9s a sz\u00e9kely \u00d6rlec nembeli Szov\u00e1t nemzets\u00e9gr\u0151l kapta a nev\u00e9t, m\u00e1sok szerint a szl\u00e1v eredet\u0171 magyar Szov\u00e1t szem\u00e9lyn\u00e9vb\u0151l sz\u00e1rmazik.\r\nA k\u00f6rny\u00e9ken m\u00e1r a r\u00f3maiak is b\u00e1ny\u00e1sztak s\u00f3t, majd a k\u00f6z\u00e9pkorban is folytat\u00f3dott a kitermel\u00e9s. A r\u00e9gi m\u00e9lyed\u00e9seket id\u0151vel csapad\u00e9k \u00e9s foly\u00f3v\u00edz t\u00f6lt\u00f6tte ki, \u00edgy keletkeztek az els\u0151 s\u00f3stavak. Els\u0151 lak\u00f3i 1578-ban s\u00f3termel\u00e9sre idetelep\u00edtett elszeg\u00e9nyedett szabad sz\u00e9kely csal\u00e1dok voltak, akiket 1581-ben ugyan el\u0171ztek, de r\u00f6videsen visszatelep\u00fcltek. Els\u0151 f\u00fcrd\u0151je a 19. sz\u00e1zad k\u00f6zep\u00e9n \u00e9p\u00edtett G\u00e9raf\u00fcrd\u0151 a S\u00f3s-pataknak a Szov\u00e1t\u00e1ba \u00f6ml\u00e9s\u00e9n\u00e9l volt, innen fokozatosan Fels\u0151-Szov\u00e1t\u00e1ra a mai f\u00fcrd\u0151k\u00f6zpontba helyez\u0151d\u00f6tt \u00e1t a f\u00fcrd\u0151\u00e9let, ahol 1901-ben nyitott\u00e1k meg a f\u00fcrd\u0151telepet. 1910-ben 2826 lakos\u00e1b\u00f3l, 2763 magyar, 28 n\u00e9met, 11 rom\u00e1n volt. A trianoni b\u00e9keszerz\u0151d\u00e9sig Maros-Torda v\u00e1rmegye Ny\u00e1r\u00e1dszeredai j\u00e1r\u00e1s\u00e1hoz tartozott. 1992-ben 8935 lakos\u00e1b\u00f3l 7943 magyar, 891 rom\u00e1n, 39 cig\u00e1ny, 10 n\u00e9met, k\u00f6z\u00fcl\u00fck 4527 r\u00f3mai katolikus, 2979 reform\u00e1tus, 872 ortodox. K\u00f6z\u00e9piskol\u00e1ja, k\u00f3rh\u00e1za, eg\u00e9szs\u00e9g\u00fcgyi int\u00e9zm\u00e9nyei vannak.\r\nL\u00e1tnival\u00f3k  \r\n\r\nA v\u00e1ros s\u00f3stavair\u00f3l \u00e9s s\u00f3szikl\u00e1ir\u00f3l nevezetes. Legnagyobb tava a Medve-t\u00f3. A Medve-t\u00f3 nev\u00e9t kiter\u00edtett medv\u00e9hez hasonl\u00f3 alakj\u00e1r\u00f3l kapta \u00e9s 1870 \u00e9s 1880 k\u00f6r\u00fcl alakult ki. Benne 66 000 tonn\u00e1ra becs\u00fclt oldott s\u00f3mennyis\u00e9g van, a felsz\u00ednt\u0151l lefel\u00e9 h\u0151m\u00e9rs\u00e9klete n\u00f6vekszik, melyet a nap melege \u00e9s a lejjebb koncentr\u00e1l\u00f3d\u00f3 s\u00f3 okoz. Tov\u00e1bbi tavai a s\u00f3sviz\u0171 Mogyor\u00f3si-t\u00f3, Rig\u00f3-t\u00f3, Fekete-t\u00f3, V\u00f6r\u00f6s-t\u00f3 \u00e9s Z\u00f6ld-t\u00f3, tov\u00e1bb\u00e1 az \u00e9desviz\u0171 Piroska-t\u00f3 \u00e9s K\u00edgy\u00f3s-t\u00f3. A s\u00f3sviz\u0171 tavak eset\u00e9ben a v\u00edz s\u00f3tartalma magas, \u00edgy a f\u00fcrd\u0151z\u0151 k\u00f6nnyebben fennmarad a v\u00edz felsz\u00edn\u00e9n.\r\nA S\u00f3k\u00f6ze a v\u00e1ros \u00e9szakkeleti v\u00e9g\u00e9t\u0151l d\u00e9lnyugat fel\u00e9 h\u00faz\u00f3d\u00f3 s\u00f3stavakban gazdag s\u00f3karszt ter\u0171let, ahol a k\u0151s\u00f3 n\u00e9hol 15\u201320 m magas s\u00f3szikl\u00e1kat alkot, melyeket r\u00e9gen katon\u00e1k \u0151riztek.\r\nA t\u00f3 melletti r\u00f3mai katolikus k\u00e1polna 1934-ben, a g\u00f6r\u00f6g katolikus k\u00e1polna 1932-ben \u00e9p\u00fclt. Ortodox temploma 1929-b\u0151l val\u00f3.\r\nA v\u00e1ros r\u00f3mai katolikus temploma 1878-ban, a reform\u00e1tus templom 1938-ban, az ortodox templom 1991-ben \u00e9p\u00fclt.\r\nA Tyuk\u00e1sz-dombi r\u00f3mai katolikus k\u00e1polna a 19. sz\u00e1zad v\u00e9g\u00e9n \u00e9p\u00fclt.","thumbnail_url":"http:\/\/vds.network.hu\/clubvideo\/2\/2\/4\/_\/224348_84508_1.jpg","thumbnail_width":80,"thumbnail_height":60,"video_id":"224348"}